{"id":7698,"date":"2022-04-24T15:48:52","date_gmt":"2022-04-24T13:48:52","guid":{"rendered":"https:\/\/www.bretema.es\/?page_id=7698"},"modified":"2023-04-02T16:04:07","modified_gmt":"2023-04-02T14:04:07","slug":"residuocero","status":"publish","type":"page","link":"https:\/\/www.bretema.es\/index.php\/residuocero\/","title":{"rendered":"residuocero"},"content":{"rendered":"\t\t<div data-elementor-type=\"wp-page\" data-elementor-id=\"7698\" class=\"elementor elementor-7698\">\n\t\t\t\t\t\t<div class=\"elementor-inner\">\n\t\t\t\t<div class=\"elementor-section-wrap\">\n\t\t\t\t\t\t\t\t\t<section class=\"elementor-section elementor-top-section elementor-element elementor-element-42cb6c9 elementor-section-boxed elementor-section-height-default elementor-section-height-default\" data-id=\"42cb6c9\" data-element_type=\"section\">\n\t\t\t\t\t\t<div class=\"elementor-container elementor-column-gap-default\">\n\t\t\t\t\t\t\t<div class=\"elementor-row\">\n\t\t\t\t\t<div class=\"elementor-column elementor-col-100 elementor-top-column elementor-element elementor-element-a0e2d80\" data-id=\"a0e2d80\" data-element_type=\"column\">\n\t\t\t<div class=\"elementor-column-wrap elementor-element-populated\">\n\t\t\t\t\t\t\t<div class=\"elementor-widget-wrap\">\n\t\t\t\t\t\t<div class=\"elementor-element elementor-element-eb9d24b elementor-widget elementor-widget-heading\" data-id=\"eb9d24b\" data-element_type=\"widget\" data-widget_type=\"heading.default\">\n\t\t\t\t<div class=\"elementor-widget-container\">\n\t\t\t<h2 class=\"elementor-heading-title elementor-size-default\"># Hacia el Residuo Cero <\/h2>\t\t<\/div>\n\t\t\t\t<\/div>\n\t\t\t\t\t\t<\/div>\n\t\t\t\t\t<\/div>\n\t\t<\/div>\n\t\t\t\t\t\t\t\t<\/div>\n\t\t\t\t\t<\/div>\n\t\t<\/section>\n\t\t\t\t<section class=\"elementor-section elementor-top-section elementor-element elementor-element-73a8ef1 elementor-section-height-min-height elementor-section-content-middle elementor-section-boxed elementor-section-height-default elementor-section-items-middle\" data-id=\"73a8ef1\" data-element_type=\"section\" data-settings=\"{&quot;background_background&quot;:&quot;classic&quot;}\">\n\t\t\t\t\t\t\t<div class=\"elementor-background-overlay\"><\/div>\n\t\t\t\t\t\t\t<div class=\"elementor-container elementor-column-gap-default\">\n\t\t\t\t\t\t\t<div class=\"elementor-row\">\n\t\t\t\t\t<div class=\"elementor-column elementor-col-100 elementor-top-column elementor-element elementor-element-bb51a7c\" data-id=\"bb51a7c\" data-element_type=\"column\">\n\t\t\t<div class=\"elementor-column-wrap\">\n\t\t\t\t\t\t\t<div class=\"elementor-widget-wrap\">\n\t\t\t\t\t\t\t\t<\/div>\n\t\t\t\t\t<\/div>\n\t\t<\/div>\n\t\t\t\t\t\t\t\t<\/div>\n\t\t\t\t\t<\/div>\n\t\t<\/section>\n\t\t\t\t<section class=\"elementor-section elementor-top-section elementor-element elementor-element-3647fdb elementor-section-boxed elementor-section-height-default elementor-section-height-default\" data-id=\"3647fdb\" data-element_type=\"section\">\n\t\t\t\t\t\t<div class=\"elementor-container elementor-column-gap-default\">\n\t\t\t\t\t\t\t<div class=\"elementor-row\">\n\t\t\t\t\t<div class=\"elementor-column elementor-col-100 elementor-top-column elementor-element elementor-element-b32ab04\" data-id=\"b32ab04\" data-element_type=\"column\">\n\t\t\t<div class=\"elementor-column-wrap elementor-element-populated\">\n\t\t\t\t\t\t\t<div class=\"elementor-widget-wrap\">\n\t\t\t\t\t\t<div class=\"elementor-element elementor-element-02d87f0 elementor-widget elementor-widget-spacer\" data-id=\"02d87f0\" data-element_type=\"widget\" data-widget_type=\"spacer.default\">\n\t\t\t\t<div class=\"elementor-widget-container\">\n\t\t\t\t\t<div class=\"elementor-spacer\">\n\t\t\t<div class=\"elementor-spacer-inner\"><\/div>\n\t\t<\/div>\n\t\t\t\t<\/div>\n\t\t\t\t<\/div>\n\t\t\t\t\t\t<\/div>\n\t\t\t\t\t<\/div>\n\t\t<\/div>\n\t\t\t\t\t\t\t\t<\/div>\n\t\t\t\t\t<\/div>\n\t\t<\/section>\n\t\t\t\t<section class=\"elementor-section elementor-top-section elementor-element elementor-element-cda27c8 elementor-section-boxed elementor-section-height-default elementor-section-height-default\" data-id=\"cda27c8\" data-element_type=\"section\">\n\t\t\t\t\t\t<div class=\"elementor-container elementor-column-gap-default\">\n\t\t\t\t\t\t\t<div class=\"elementor-row\">\n\t\t\t\t\t<div class=\"elementor-column elementor-col-50 elementor-top-column elementor-element elementor-element-8a6ac70\" data-id=\"8a6ac70\" data-element_type=\"column\">\n\t\t\t<div class=\"elementor-column-wrap elementor-element-populated\">\n\t\t\t\t\t\t\t<div class=\"elementor-widget-wrap\">\n\t\t\t\t\t\t<div class=\"elementor-element elementor-element-404c9b6 elementor-widget elementor-widget-image\" data-id=\"404c9b6\" data-element_type=\"widget\" data-widget_type=\"image.default\">\n\t\t\t\t<div class=\"elementor-widget-container\">\n\t\t\t\t\t\t\t\t<div class=\"elementor-image\">\n\t\t\t\t\t\t\t\t\t\t\t\t<img decoding=\"async\" width=\"465\" height=\"327\" src=\"https:\/\/www.bretema.es\/wp-content\/uploads\/2023\/03\/Captura-de-pantalla-2023-03-31-a-las-8.58.17.png\" class=\"attachment-large size-large wp-image-10718\" alt=\"\" loading=\"lazy\" srcset=\"https:\/\/www.bretema.es\/wp-content\/uploads\/2023\/03\/Captura-de-pantalla-2023-03-31-a-las-8.58.17.png 465w, https:\/\/www.bretema.es\/wp-content\/uploads\/2023\/03\/Captura-de-pantalla-2023-03-31-a-las-8.58.17-300x211.png 300w\" sizes=\"(max-width: 465px) 100vw, 465px\" \/>\t\t\t\t\t\t\t\t\t\t\t\t\t\t<\/div>\n\t\t\t\t\t\t<\/div>\n\t\t\t\t<\/div>\n\t\t\t\t\t\t<\/div>\n\t\t\t\t\t<\/div>\n\t\t<\/div>\n\t\t\t\t<div class=\"elementor-column elementor-col-50 elementor-top-column elementor-element elementor-element-01681fa\" data-id=\"01681fa\" data-element_type=\"column\">\n\t\t\t<div class=\"elementor-column-wrap elementor-element-populated\">\n\t\t\t\t\t\t\t<div class=\"elementor-widget-wrap\">\n\t\t\t\t\t\t<div class=\"elementor-element elementor-element-6cbb076 elementor-widget elementor-widget-image\" data-id=\"6cbb076\" data-element_type=\"widget\" data-widget_type=\"image.default\">\n\t\t\t\t<div class=\"elementor-widget-container\">\n\t\t\t\t\t\t\t\t<div class=\"elementor-image\">\n\t\t\t\t\t\t\t\t\t\t\t\t<img decoding=\"async\" width=\"465\" height=\"327\" src=\"https:\/\/www.bretema.es\/wp-content\/uploads\/2023\/03\/Captura-de-pantalla-2023-03-31-a-las-8.57.57.png\" class=\"attachment-large size-large wp-image-10719\" alt=\"\" loading=\"lazy\" srcset=\"https:\/\/www.bretema.es\/wp-content\/uploads\/2023\/03\/Captura-de-pantalla-2023-03-31-a-las-8.57.57.png 465w, https:\/\/www.bretema.es\/wp-content\/uploads\/2023\/03\/Captura-de-pantalla-2023-03-31-a-las-8.57.57-300x211.png 300w\" sizes=\"(max-width: 465px) 100vw, 465px\" \/>\t\t\t\t\t\t\t\t\t\t\t\t\t\t<\/div>\n\t\t\t\t\t\t<\/div>\n\t\t\t\t<\/div>\n\t\t\t\t\t\t<\/div>\n\t\t\t\t\t<\/div>\n\t\t<\/div>\n\t\t\t\t\t\t\t\t<\/div>\n\t\t\t\t\t<\/div>\n\t\t<\/section>\n\t\t\t\t<section class=\"elementor-section elementor-top-section elementor-element elementor-element-225bdde elementor-section-boxed elementor-section-height-default elementor-section-height-default\" data-id=\"225bdde\" data-element_type=\"section\">\n\t\t\t\t\t\t<div class=\"elementor-container elementor-column-gap-default\">\n\t\t\t\t\t\t\t<div class=\"elementor-row\">\n\t\t\t\t\t<div class=\"elementor-column elementor-col-100 elementor-top-column elementor-element elementor-element-6c69a45\" data-id=\"6c69a45\" data-element_type=\"column\">\n\t\t\t<div class=\"elementor-column-wrap elementor-element-populated\">\n\t\t\t\t\t\t\t<div class=\"elementor-widget-wrap\">\n\t\t\t\t\t\t\t\t<\/div>\n\t\t\t\t\t<\/div>\n\t\t<\/div>\n\t\t\t\t\t\t\t\t<\/div>\n\t\t\t\t\t<\/div>\n\t\t<\/section>\n\t\t\t\t<section class=\"elementor-section elementor-top-section elementor-element elementor-element-d850c03 elementor-section-boxed elementor-section-height-default elementor-section-height-default\" data-id=\"d850c03\" data-element_type=\"section\" data-settings=\"{&quot;background_background&quot;:&quot;gradient&quot;}\">\n\t\t\t\t\t\t\t<div class=\"elementor-background-overlay\"><\/div>\n\t\t\t\t\t\t\t<div class=\"elementor-container elementor-column-gap-default\">\n\t\t\t\t\t\t\t<div class=\"elementor-row\">\n\t\t\t\t\t<div class=\"elementor-column elementor-col-100 elementor-top-column elementor-element elementor-element-bb1c6dd\" data-id=\"bb1c6dd\" data-element_type=\"column\">\n\t\t\t<div class=\"elementor-column-wrap elementor-element-populated\">\n\t\t\t\t\t\t\t<div class=\"elementor-widget-wrap\">\n\t\t\t\t\t\t<div class=\"elementor-element elementor-element-e1b6930 elementor-widget elementor-widget-heading\" data-id=\"e1b6930\" data-element_type=\"widget\" data-widget_type=\"heading.default\">\n\t\t\t\t<div class=\"elementor-widget-container\">\n\t\t\t<h2 class=\"elementor-heading-title elementor-size-default\">Normativas de envases  y  residuos <\/h2>\t\t<\/div>\n\t\t\t\t<\/div>\n\t\t\t\t\t\t<\/div>\n\t\t\t\t\t<\/div>\n\t\t<\/div>\n\t\t\t\t\t\t\t\t<\/div>\n\t\t\t\t\t<\/div>\n\t\t<\/section>\n\t\t\t\t<section class=\"elementor-section elementor-top-section elementor-element elementor-element-0f03d48 elementor-section-boxed elementor-section-height-default elementor-section-height-default\" data-id=\"0f03d48\" data-element_type=\"section\">\n\t\t\t\t\t\t<div class=\"elementor-container elementor-column-gap-default\">\n\t\t\t\t\t\t\t<div class=\"elementor-row\">\n\t\t\t\t\t<div class=\"elementor-column elementor-col-100 elementor-top-column elementor-element elementor-element-4f12e6c\" data-id=\"4f12e6c\" data-element_type=\"column\">\n\t\t\t<div class=\"elementor-column-wrap\">\n\t\t\t\t\t\t\t<div class=\"elementor-widget-wrap\">\n\t\t\t\t\t\t\t\t<\/div>\n\t\t\t\t\t<\/div>\n\t\t<\/div>\n\t\t\t\t\t\t\t\t<\/div>\n\t\t\t\t\t<\/div>\n\t\t<\/section>\n\t\t\t\t<section class=\"elementor-section elementor-top-section elementor-element elementor-element-29e9965 elementor-section-boxed elementor-section-height-default elementor-section-height-default\" data-id=\"29e9965\" data-element_type=\"section\">\n\t\t\t\t\t\t<div class=\"elementor-container elementor-column-gap-default\">\n\t\t\t\t\t\t\t<div class=\"elementor-row\">\n\t\t\t\t\t<div class=\"elementor-column elementor-col-100 elementor-top-column elementor-element elementor-element-cc91764\" data-id=\"cc91764\" data-element_type=\"column\">\n\t\t\t<div class=\"elementor-column-wrap elementor-element-populated\">\n\t\t\t\t\t\t\t<div class=\"elementor-widget-wrap\">\n\t\t\t\t\t\t<div class=\"elementor-element elementor-element-21261c3 elementor-widget elementor-widget-text-editor\" data-id=\"21261c3\" data-element_type=\"widget\" data-widget_type=\"text-editor.default\">\n\t\t\t\t<div class=\"elementor-widget-container\">\n\t\t\t\t\t\t\t\t<div class=\"elementor-text-editor elementor-clearfix\">\n\t\t\t\t<p class=\"p1\">En Diciembre de 2022 se\u00a0 publica un Real decreto que amplia las responsabilidades en materia de puesta en el mercado de envases con implicaciones econ\u00f3micas y obligaciones de inscripci\u00f3n y documentales, que afecta a fabricantes de envases, y envasadores (<span class=\"Apple-converted-space\">\u00a0 <\/span>fabricantes de producto envasado y comercializadores y distribuidores ) .<\/p><p class=\"p1\">La normativa obliga en funci\u00f3n de la clasificaci\u00f3n ella empresa a unos tr\u00e1mites administrativos y de comunicaci\u00f3n anual, y a la puesta en marcha de sistemas documentales y pr\u00e1cticos de reducci\u00f3n de residuos que se pueden integrar en sistemas de gesti\u00f3n ya implantados.<\/p><p class=\"p1\"><em><strong>La normativa evoluciona hacia una imposici\u00f3n futura del denominado Residuo Cero y afecta de manera especial a las empresas de alimentaci\u00f3n<\/strong><\/em>.<\/p><p class=\"p1\">Tanto el<span style=\"text-decoration: underline;\"><span class=\"s1\"> Real Decreto 1055\/2022, de 27 de diciembre, de envases y residuos de envases <\/span><\/span>como la ley que la precede : <span style=\"text-decoration: underline;\"><span class=\"s1\">Ley 7\/2022, de 8 de abril, de residuos y suelos contaminados para una econom\u00eda circular <\/span><\/span> que obliga a la puesta en funcionamiento con desde el 1 de enero de 2023 del<strong> \u201cImpuesto especial sobre los envases de pl\u00e1stico no reutilizables\u201d<span class=\"Apple-converted-space\">\u00a0 <\/span>(<span class=\"Apple-converted-space\">\u00a0 <\/span>cuya<span class=\"Apple-converted-space\">\u00a0 <\/span>base imponible est\u00e1 constituida por la cantidad de pl\u00e1stico no reciclado usado)<\/strong><span class=\"Apple-converted-space\">\u00a0 <\/span>promueven el principio de \u201cquien contamina paga\u201d creando <strong>herramientas de financiaci\u00f3n a cargo de las empresas<\/strong> para \u201cproteger el medio ambiente, al incentivar comportamientos respetuosos con el entorno natural, corregir externalidades ambientales y prevenir la generaci\u00f3n de residuos haciendo efectivo el principio de que el mejor residuo es el que no se genera\u201d.\u00a0<\/p><p class=\"p1\">En la siguiente nota desarrollamos brevemente los puntos principales de ambas normativas y hacemos nuestra propuesta de servicios para la integraci\u00f3n en la operativa diaria de la empresa de un sistema de gesti\u00f3n ambiental acorde con los requerimientos actuales y futuros de la legislaci\u00f3n europea, que afecte adem\u00e1s a un menor gasto en la financiaci\u00f3n de las consecuencias de la puesta en el mercado de productos propios considerados como \u201cresiduos\u201d<\/p>\t\t\t\t\t<\/div>\n\t\t\t\t\t\t<\/div>\n\t\t\t\t<\/div>\n\t\t\t\t\t\t<\/div>\n\t\t\t\t\t<\/div>\n\t\t<\/div>\n\t\t\t\t\t\t\t\t<\/div>\n\t\t\t\t\t<\/div>\n\t\t<\/section>\n\t\t\t\t<section class=\"elementor-section elementor-top-section elementor-element elementor-element-a90950f elementor-section-boxed elementor-section-height-default elementor-section-height-default\" data-id=\"a90950f\" data-element_type=\"section\">\n\t\t\t\t\t\t<div class=\"elementor-container elementor-column-gap-default\">\n\t\t\t\t\t\t\t<div class=\"elementor-row\">\n\t\t\t\t\t<div class=\"elementor-column elementor-col-100 elementor-top-column elementor-element elementor-element-9a350ae\" data-id=\"9a350ae\" data-element_type=\"column\">\n\t\t\t<div class=\"elementor-column-wrap elementor-element-populated\">\n\t\t\t\t\t\t\t<div class=\"elementor-widget-wrap\">\n\t\t\t\t\t\t<div class=\"elementor-element elementor-element-b596eb3 elementor-widget elementor-widget-spacer\" data-id=\"b596eb3\" data-element_type=\"widget\" data-widget_type=\"spacer.default\">\n\t\t\t\t<div class=\"elementor-widget-container\">\n\t\t\t\t\t<div class=\"elementor-spacer\">\n\t\t\t<div class=\"elementor-spacer-inner\"><\/div>\n\t\t<\/div>\n\t\t\t\t<\/div>\n\t\t\t\t<\/div>\n\t\t\t\t\t\t<\/div>\n\t\t\t\t\t<\/div>\n\t\t<\/div>\n\t\t\t\t\t\t\t\t<\/div>\n\t\t\t\t\t<\/div>\n\t\t<\/section>\n\t\t\t\t<section class=\"elementor-section elementor-top-section elementor-element elementor-element-45bb166 elementor-section-boxed elementor-section-height-default elementor-section-height-default\" data-id=\"45bb166\" data-element_type=\"section\" data-settings=\"{&quot;background_background&quot;:&quot;gradient&quot;}\">\n\t\t\t\t\t\t\t<div class=\"elementor-background-overlay\"><\/div>\n\t\t\t\t\t\t\t<div class=\"elementor-container elementor-column-gap-default\">\n\t\t\t\t\t\t\t<div class=\"elementor-row\">\n\t\t\t\t\t<div class=\"elementor-column elementor-col-100 elementor-top-column elementor-element elementor-element-d189d35\" data-id=\"d189d35\" data-element_type=\"column\">\n\t\t\t<div class=\"elementor-column-wrap elementor-element-populated\">\n\t\t\t\t\t\t\t<div class=\"elementor-widget-wrap\">\n\t\t\t\t\t\t<div class=\"elementor-element elementor-element-93f63db elementor-widget elementor-widget-heading\" data-id=\"93f63db\" data-element_type=\"widget\" data-widget_type=\"heading.default\">\n\t\t\t\t<div class=\"elementor-widget-container\">\n\t\t\t<h2 class=\"elementor-heading-title elementor-size-default\">Algunas definiciones  contenidas tanto en el RD 1055\/2022 como en la Ley 7\/2022\n<\/h2>\t\t<\/div>\n\t\t\t\t<\/div>\n\t\t\t\t\t\t<\/div>\n\t\t\t\t\t<\/div>\n\t\t<\/div>\n\t\t\t\t\t\t\t\t<\/div>\n\t\t\t\t\t<\/div>\n\t\t<\/section>\n\t\t\t\t<section class=\"elementor-section elementor-top-section elementor-element elementor-element-2f70855 elementor-section-boxed elementor-section-height-default elementor-section-height-default\" data-id=\"2f70855\" data-element_type=\"section\">\n\t\t\t\t\t\t<div class=\"elementor-container elementor-column-gap-default\">\n\t\t\t\t\t\t\t<div class=\"elementor-row\">\n\t\t\t\t\t<div class=\"elementor-column elementor-col-100 elementor-top-column elementor-element elementor-element-229a1aa\" data-id=\"229a1aa\" data-element_type=\"column\">\n\t\t\t<div class=\"elementor-column-wrap elementor-element-populated\">\n\t\t\t\t\t\t\t<div class=\"elementor-widget-wrap\">\n\t\t\t\t\t\t<div class=\"elementor-element elementor-element-e38c63d elementor-widget elementor-widget-text-editor\" data-id=\"e38c63d\" data-element_type=\"widget\" data-widget_type=\"text-editor.default\">\n\t\t\t\t<div class=\"elementor-widget-container\">\n\t\t\t\t\t\t\t\t<div class=\"elementor-text-editor elementor-clearfix\">\n\t\t\t\t<ul class=\"ul1\"><li class=\"li1\"><span style=\"text-decoration: underline;\"><span class=\"s2\">Agentes econ\u00f3micos:<\/span><\/span><\/li><\/ul><p class=\"p1\">Los envasadores, los importadores o adquirientes en otros Estados miembros de la Uni\u00f3n Europea de productos envasados, y los Comerciantes o distribuidores de productos envasados.<\/p><ul class=\"ul1\"><li class=\"li1\"><span style=\"text-decoration: underline;\"><span class=\"s2\">Comerciantes o distribuidores:<\/span><\/span><\/li><\/ul><p class=\"p1\">los agentes econ\u00f3micos dedicados a la distribuci\u00f3n, mayorista o minorista, de envases o de productos envasados.<\/p><ul class=\"ul1\"><li class=\"li1\"><span style=\"text-decoration: underline;\"><span class=\"s2\">Envasadores<\/span>:<\/span><\/li><\/ul><p class=\"p1\">los agentes econ\u00f3micos dedicados al envasado de productos para su puesta en el mercado.<\/p><p class=\"p1\">En el caso de los envases de servicio, se considerar\u00e1 envasador al titular del comercio que suministre o entregue dichos envases al consumidor o usuario final. En el caso de los envases empleados en las ventas a distancia, tendr\u00e1 la consideraci\u00f3n de envasador el titular del comercio responsable de la venta, respecto de esos envases<\/p><ul class=\"ul1\"><li class=\"li1\"><span style=\"text-decoration: underline;\"><span class=\"s2\">Envase<\/span>:<\/span><\/li><\/ul><p class=\"p1\">todo producto fabricado con materiales de cualquier naturaleza y que se utilice para contener, proteger, manipular, distribuir y presentar mercanc\u00edas, desde materias primas hasta art\u00edculos acabados, en cualquier fase de la cadena de fabricaci\u00f3n, distribuci\u00f3n y consumo. Se considerar\u00e1n tambi\u00e9n envases todos los art\u00edculos desechables utilizados con este mismo fin.<\/p><p class=\"p1\">Dentro de este concepto se incluyen los envases de venta o primarios, los envases colectivos o secundarios y los envases de transporte o terciarios.<\/p><p class=\"p1\">Tambi\u00e9n se considerar\u00e1n envases los art\u00edculos dise\u00f1ados y destinados a ser llenados en el punto de venta y los art\u00edculos desechables vendidos llenos o dise\u00f1ados y destinados al llenado en el punto de venta, a condici\u00f3n de que desempe\u00f1en la funci\u00f3n de envase.<\/p><p class=\"p1\">Los elementos del envase y elementos auxiliares integrados en \u00e9l se considerar\u00e1n parte del envase al que van unidos; los elementos auxiliares directamente colgados del producto o atados a \u00e9l y que desempe\u00f1en la funci\u00f3n de envase se considerar\u00e1n envases, salvo que formen parte integrante del producto y todos sus elementos est\u00e9n destinados a ser consumidos o eliminados conjuntamente.<\/p><p class=\"p1\"><span style=\"text-decoration: underline;\"><span class=\"s2\">Envase comercial<\/span>:<\/span> envase que, sin tener la consideraci\u00f3n de dom\u00e9stico, est\u00e1 destinado al uso y consumo propio del ejercicio de la actividad comercial, al por mayor y al por menor, de los servicios de restauraci\u00f3n y bares, de las oficinas y de los mercados, as\u00ed como del resto del sector servicios.<\/p><p class=\"p1\"><span style=\"text-decoration: underline;\"><span class=\"s2\">Envase de servicio<\/span>:<\/span> envases dise\u00f1ados y destinados a ser llenados en el punto de venta y los art\u00edculos desechables dise\u00f1ados y destinados al llenado en el punto de venta para suministrar el producto, y\/o permitir o facilitar su consumo directo o utilizaci\u00f3n, tales como las bolsas proporcionadas a los consumidores para el transporte de la mercanc\u00eda o como envase primario para alimentos a granel, las bandejas, platos, vasos, entre otros.<\/p><p class=\"p1\"><span style=\"text-decoration: underline;\"><span class=\"s2\">Envase de venta o envase primario<\/span>:<\/span> Todo envase dise\u00f1ado para constituir en el punto de venta una unidad de venta destinada al consumidor o usuario final, ya recubra al producto por entero o solo parcialmente, pero de tal forma que no pueda modificarse el contenido sin abrir o modificar dicho envase.<\/p><p class=\"p1\"><span style=\"text-decoration: underline;\"><span class=\"s2\">Envase dom\u00e9stico<\/span>:<\/span> envase de productos destinados al uso o consumo por particulares, independientemente de su car\u00e1cter primario, secundario o terciario, siempre que estos envases sean susceptibles de ser adquiridos por el consumidor en los comercios, con independencia del lugar de venta o consumo<\/p><ul class=\"ul1\"><li class=\"li1\"><span style=\"text-decoration: underline;\"><span class=\"s2\">Productor de producto:<\/span><\/span><\/li><\/ul><p class=\"p1\">los envasadores o los agentes econ\u00f3micos dedicados a la importaci\u00f3n o adquisici\u00f3n en otros Estados miembros de la Uni\u00f3n Europea de productos envasados para su puesta en el mercado.<\/p><p class=\"p1\">Cuando, en los productos envasados puestos en el mercado mediante marcas de distribuci\u00f3n, no se identifique al productor de producto, ejercer\u00e1 como tal el titular de la marca de distribuci\u00f3n con sede en Espa\u00f1a bajo la cual se comercialice el producto.<\/p><p class=\"p1\">De igual forma, en el caso de aquellos productos envasados por encargo de un tercero que act\u00faa como responsable de su puesta en el mercado, ejercer\u00e1 este \u00faltimo como productor de producto<\/p><p class=\"p1\">La definici\u00f3n de <span class=\"s2\">\u00abresponsabilidad ampliada del productor \u00ab<\/span> es la establecida en el art. 2 de la Ley 7\/2022 de 8 de abril , de residuos y suelos contaminados para una econom\u00eda circular . :<span class=\"s2\"><span style=\"text-decoration: underline;\"> \u00abR\u00e9gimen de responsabilidad ampliada del productor\u00bb<\/span>:<\/span> el conjunto de medidas adoptadas para garantizar que los productores de productos asuman la responsabilidad financiera o bien la responsabilidad financiera y organizativa de la gesti\u00f3n de la fase de residuo del ciclo de vida de un producto<\/p><ul class=\"ul1\"><li class=\"li1\"><span style=\"text-decoration: underline;\"><span class=\"s2\">Residuos : <\/span><\/span><\/li><\/ul><p class=\"p2\">cualquier sustancia u objeto que su poseedor deseche o tenga la intenci\u00f3n o la obligaci\u00f3n de desechar.<\/p><p class=\"p2\"><span class=\"s2\"><span style=\"text-decoration: underline;\">\u00abGesti\u00f3n de residuos\u00bb<\/span>:<\/span> la recogida, el transporte, la valorizaci\u00f3n y la eliminaci\u00f3n de los residuos, incluida la clasificaci\u00f3n y otras operaciones previas; as\u00ed como la vigilancia de estas operaciones y el mantenimiento posterior al cierre de los vertederos. Se incluyen tambi\u00e9n las actuaciones realizadas en calidad de negociante o agente.<\/p><p class=\"p2\"><span class=\"s2\">\u00ab<span style=\"text-decoration: underline;\">Preparaci\u00f3n para la reutilizaci\u00f3n\u00bb<\/span><\/span>: la operaci\u00f3n de valorizaci\u00f3n consistente en la comprobaci\u00f3n, limpieza o reparaci\u00f3n, mediante la cual productos o componentes de productos que se hayan convertido en residuos se preparan para que puedan reutilizarse sin ninguna otra transformaci\u00f3n previa y dejen de ser considerados residuos si cumplen las normas de producto aplicables de tipo t\u00e9cnico y de consumo.<\/p><p class=\"p2\"><span style=\"text-decoration: underline;\"><span class=\"s2\">\u00abJerarqu\u00eda de residuos \u00bb<\/span><\/span><\/p><ul class=\"ul1\"><li style=\"list-style-type: none;\"><ol class=\"ol1\"><li style=\"list-style-type: none;\"><ol class=\"ol1\"><li class=\"li3\">Prevenci\u00f3n,<\/li><li class=\"li3\">preparaci\u00f3n para la reutilizaci\u00f3n,<\/li><li class=\"li3\">reciclado,<\/li><li class=\"li3\">otro tipo de valorizaci\u00f3n, incluida la valorizaci\u00f3n energ\u00e9tica y e) eliminaci\u00f3n<\/li><\/ol><\/li><\/ol><\/li><\/ul>\t\t\t\t\t<\/div>\n\t\t\t\t\t\t<\/div>\n\t\t\t\t<\/div>\n\t\t\t\t\t\t<\/div>\n\t\t\t\t\t<\/div>\n\t\t<\/div>\n\t\t\t\t\t\t\t\t<\/div>\n\t\t\t\t\t<\/div>\n\t\t<\/section>\n\t\t\t\t<section class=\"elementor-section elementor-top-section elementor-element elementor-element-2affb09 elementor-section-boxed elementor-section-height-default elementor-section-height-default\" data-id=\"2affb09\" data-element_type=\"section\" data-settings=\"{&quot;background_background&quot;:&quot;gradient&quot;}\">\n\t\t\t\t\t\t\t<div class=\"elementor-background-overlay\"><\/div>\n\t\t\t\t\t\t\t<div class=\"elementor-container elementor-column-gap-default\">\n\t\t\t\t\t\t\t<div class=\"elementor-row\">\n\t\t\t\t\t<div class=\"elementor-column elementor-col-100 elementor-top-column elementor-element elementor-element-b88b8d9\" data-id=\"b88b8d9\" data-element_type=\"column\">\n\t\t\t<div class=\"elementor-column-wrap elementor-element-populated\">\n\t\t\t\t\t\t\t<div class=\"elementor-widget-wrap\">\n\t\t\t\t\t\t<div class=\"elementor-element elementor-element-6041794 elementor-widget elementor-widget-heading\" data-id=\"6041794\" data-element_type=\"widget\" data-widget_type=\"heading.default\">\n\t\t\t\t<div class=\"elementor-widget-container\">\n\t\t\t<h2 class=\"elementor-heading-title elementor-size-default\">Real Decreto 1055\/2022, de 27 de diciembre, de envases y residuos de envases.<\/h2>\t\t<\/div>\n\t\t\t\t<\/div>\n\t\t\t\t\t\t<\/div>\n\t\t\t\t\t<\/div>\n\t\t<\/div>\n\t\t\t\t\t\t\t\t<\/div>\n\t\t\t\t\t<\/div>\n\t\t<\/section>\n\t\t\t\t<section class=\"elementor-section elementor-top-section elementor-element elementor-element-236ba1d elementor-section-boxed elementor-section-height-default elementor-section-height-default\" data-id=\"236ba1d\" data-element_type=\"section\">\n\t\t\t\t\t\t<div class=\"elementor-container elementor-column-gap-default\">\n\t\t\t\t\t\t\t<div class=\"elementor-row\">\n\t\t\t\t\t<div class=\"elementor-column elementor-col-100 elementor-top-column elementor-element elementor-element-6f1c1bd\" data-id=\"6f1c1bd\" data-element_type=\"column\">\n\t\t\t<div class=\"elementor-column-wrap elementor-element-populated\">\n\t\t\t\t\t\t\t<div class=\"elementor-widget-wrap\">\n\t\t\t\t\t\t<div class=\"elementor-element elementor-element-0bae2fe elementor-widget elementor-widget-text-editor\" data-id=\"0bae2fe\" data-element_type=\"widget\" data-widget_type=\"text-editor.default\">\n\t\t\t\t<div class=\"elementor-widget-container\">\n\t\t\t\t\t\t\t\t<div class=\"elementor-text-editor elementor-clearfix\">\n\t\t\t\t<p class=\"p1\">La aprobaci\u00f3n de la Ley 11\/1997, de 24 de abril, supuso la aplicaci\u00f3n por primera vez en Espa\u00f1a del r\u00e9gimen de responsabilidad ampliada del productor, de forma que son los productores de los productos que con el uso se convierten en residuos, los que deben asumir la responsabilidad de su gesti\u00f3n.<\/p><p class=\"p1\">El<span class=\"Apple-converted-space\">\u00a0 <\/span>RD<span class=\"Apple-converted-space\">\u00a0 <\/span>1055\/2022 tiene por objeto la adaptaci\u00f3n de la normativa espa\u00f1ola de envases al nuevo r\u00e9gimen de responsabilidad ampliada del productor, establecido por la normativa de la Uni\u00f3n Europea recientemente aprobada y que exige mayores cuotas de revalorizaci\u00f3n y reciclaje.<\/p><p class=\"p1\"><b><i>Quedan dentro del \u00e1mbito de aplicaci\u00f3n de este real decreto todos los envases puestos en el mercado y residuos de envases generados en el territorio del Estado, independientemente de que se usen o produzcan en la industria, comercio, oficinas, establecimientos comerciales, servicios, hogares, o en cualquier otro sitio, sean cuales fueren los materiales utilizado<\/i><\/b>s.<\/p><p class=\"p1\"><b>Registro e informaci\u00f3n anual <\/b><\/p><p class=\"p1\">Con objeto de cumplir con la nueva obligaci\u00f3n sobre puesta en el mercado de envases se crea la secci\u00f3n de envases en el Registro de Productores de Productos, que obliga a todos los productores a inscribirse y a remitir anualmente informaci\u00f3n sobre la puesta en el mercado de envases.<\/p><p class=\"p1\">El RD desarrolla las especificaciones del r\u00e9gimen de responsabilidad ampliada del productor para los envases dom\u00e9sticos y<span class=\"Apple-converted-space\">\u00a0 <\/span>comerciales e industriales.<span class=\"Apple-converted-space\">\u00a0 <\/span>De esta forma, se aplica el r\u00e9gimen de responsabilidad ampliada del productor adem\u00e1s de a los envases dom\u00e9sticos, al resto de envases comerciales e industriales, a los que con car\u00e1cter general no se les aplicaba hasta la fecha en Espa\u00f1a.<\/p><p class=\"p1\">En el momento de la inscripci\u00f3n, se asigna un n\u00famero de registro que deber\u00e1 figurar en las facturas y cualquier otra documentaci\u00f3n que acompa\u00f1e a las transacciones comerciales de productos envasados desde su puesta en el mercado hasta los puntos de venta de bienes o productos a los consumidores para los envases dom\u00e9sticos, o hasta el usuario final para los envases comerciales e industriales.<\/p><p class=\"p1\">No obstante cuando los productores introduzcan en el mercado envases de servicio y menos de 50.000 kg de envases comerciales e industriales, ser\u00e1n los fabricantes, importadores o adquirientes de estos envases, o las empresas de distribuci\u00f3n de los envases de servicio, los obligados a la inscripci\u00f3n de manera \u00fanica para todos ellos.<\/p><p class=\"p1\">Los productores de producto inscritos en la secci\u00f3n de envases del Registro recopilar\u00e1n y remitir\u00e1n anualmente y obligatoriamente<span class=\"Apple-converted-space\">\u00a0 <\/span>un informe anual de materiales de envase puestos en el mercad seg\u00fan las consideraciones explicitadas en la normativa.<\/p><p class=\"p1\"><b>Planes empresariales de prevenci\u00f3n <\/b><\/p><p class=\"p1\">Estar\u00e1n obligados a aplicar un plan empresarial de prevenci\u00f3n y ecodise\u00f1o con car\u00e1cter quinquenal, los productores de productos que, a lo largo de un a\u00f1o natural, introduzcan en el mercado una cantidad de envases igual o superior a las siguientes cantidades:<\/p><ul class=\"ul1\"><li class=\"li1\">\u2013 250 toneladas, si se trata exclusivamente de vidrio,<\/li><li class=\"li1\">\u2013 50 toneladas, si se trata exclusivamente de acero,<\/li><li class=\"li1\">\u2013 30 toneladas, si se trata exclusivamente de aluminio,<\/li><li class=\"li1\">\u2013 20 toneladas, si se trata exclusivamente de pl\u00e1stico,<\/li><li class=\"li1\">\u2013 20 toneladas, si se trata exclusivamente de madera,<\/li><li class=\"li1\">\u2013 15 toneladas, si se trata exclusivamente de cart\u00f3n o materiales compuestos.<\/li><li class=\"li1\">\u2013 300 toneladas, si se trata de varios materiales y cada uno de ellos no supera, de forma individual, las anteriores cantidades.<\/li><\/ul><p class=\"p1\"><b><i>En relaci\u00f3n a las contribuciones econ\u00f3micas obligadas a los sistemas<span class=\"Apple-converted-space\">\u00a0 <\/span>de responsabilidad ampliada, individual o colectiva, pueden tener penalizaciones o bonificaciones por el uso de envases que facilitan una minoraci\u00f3n de residuos en el medio ambiente lo que hace conveniente tener un sistema<span class=\"Apple-converted-space\">\u00a0 <\/span>documentado y verificable de la gesti\u00f3n medioambiental en la empresa.<\/i><\/b><\/p>\t\t\t\t\t<\/div>\n\t\t\t\t\t\t<\/div>\n\t\t\t\t<\/div>\n\t\t\t\t\t\t<\/div>\n\t\t\t\t\t<\/div>\n\t\t<\/div>\n\t\t\t\t\t\t\t\t<\/div>\n\t\t\t\t\t<\/div>\n\t\t<\/section>\n\t\t\t\t<section class=\"elementor-section elementor-top-section elementor-element elementor-element-ac162f6 elementor-section-boxed elementor-section-height-default elementor-section-height-default\" data-id=\"ac162f6\" data-element_type=\"section\" data-settings=\"{&quot;background_background&quot;:&quot;gradient&quot;}\">\n\t\t\t\t\t\t\t<div class=\"elementor-background-overlay\"><\/div>\n\t\t\t\t\t\t\t<div class=\"elementor-container elementor-column-gap-default\">\n\t\t\t\t\t\t\t<div class=\"elementor-row\">\n\t\t\t\t\t<div class=\"elementor-column elementor-col-100 elementor-top-column elementor-element elementor-element-58b4640\" data-id=\"58b4640\" data-element_type=\"column\">\n\t\t\t<div class=\"elementor-column-wrap elementor-element-populated\">\n\t\t\t\t\t\t\t<div class=\"elementor-widget-wrap\">\n\t\t\t\t\t\t<div class=\"elementor-element elementor-element-4bb1dd7 elementor-widget elementor-widget-heading\" data-id=\"4bb1dd7\" data-element_type=\"widget\" data-widget_type=\"heading.default\">\n\t\t\t\t<div class=\"elementor-widget-container\">\n\t\t\t<h2 class=\"elementor-heading-title elementor-size-default\">Ley 7\/2022, de 8 de abril, de residuos y suelos contaminados para una econom\u00eda circular<\/h2>\t\t<\/div>\n\t\t\t\t<\/div>\n\t\t\t\t\t\t<\/div>\n\t\t\t\t\t<\/div>\n\t\t<\/div>\n\t\t\t\t\t\t\t\t<\/div>\n\t\t\t\t\t<\/div>\n\t\t<\/section>\n\t\t\t\t<section class=\"elementor-section elementor-top-section elementor-element elementor-element-39f6834 elementor-section-boxed elementor-section-height-default elementor-section-height-default\" data-id=\"39f6834\" data-element_type=\"section\">\n\t\t\t\t\t\t<div class=\"elementor-container elementor-column-gap-default\">\n\t\t\t\t\t\t\t<div class=\"elementor-row\">\n\t\t\t\t\t<div class=\"elementor-column elementor-col-100 elementor-top-column elementor-element elementor-element-d2ed907\" data-id=\"d2ed907\" data-element_type=\"column\">\n\t\t\t<div class=\"elementor-column-wrap elementor-element-populated\">\n\t\t\t\t\t\t\t<div class=\"elementor-widget-wrap\">\n\t\t\t\t\t\t<div class=\"elementor-element elementor-element-d2a1427 elementor-widget elementor-widget-text-editor\" data-id=\"d2a1427\" data-element_type=\"widget\" data-widget_type=\"text-editor.default\">\n\t\t\t\t<div class=\"elementor-widget-container\">\n\t\t\t\t\t\t\t\t<div class=\"elementor-text-editor elementor-clearfix\">\n\t\t\t\t<p>De manera general, la ley explicita:\u00a0<\/p><p class=\"p1\">\u201c De acuerdo con el principio \u00abquien contamina paga\u00bb<span class=\"Apple-converted-space\">\u00a0 <\/span>los costes relativos a la gesti\u00f3n de los residuos, incluidos los costes correspondientes a la infraestructura necesaria y a su funcionamiento, as\u00ed como los costes relativos a los impactos medioambientales y en particular los de las emisiones de gases de efecto invernadero, tendr\u00e1n que ser sufragados por el productor inicial de residuos, por el poseedor actual ( art. 11 ).<\/p><p class=\"p1\">Indica a continuaci\u00f3n,<span class=\"Apple-converted-space\">\u00a0 <\/span>sin genero de dudas,<span class=\"Apple-converted-space\">\u00a0 <\/span>la hoja de ruta en relaci\u00f3n a nuevas financiaciones de estos costes :<\/p><p class=\"p1\">\u201cEn el caso de los costes de gesti\u00f3n de los residuos de competencia local, ( \u2026)<span class=\"Apple-converted-space\">\u00a0 <\/span>las entidades locales establecer\u00e1n, en el <span class=\"s1\">plazo de tres a\u00f1os a contar desde la entrada en vigor de esta ley<\/span>, una tasa o, en su caso, una prestaci\u00f3n patrimonial de car\u00e1cter p\u00fablico no tributaria, espec\u00edfica, diferenciada y no deficitaria, que permita implantar sistemas de pago por generaci\u00f3n y que refleje el coste real, directo o indirecto, de las operaciones de recogida, transporte y tratamiento de los residuos, (\u2026) \u201c<\/p><p class=\"p2\">\u201cEl productor inicial u otro poseedor de residuos dom\u00e9sticos deber\u00e1 separar en origen sus residuos y entregarlos en los t\u00e9rminos que se establezcan en las ordenanzas de las entidades locales. En caso de incumplimiento de las obligaciones de gesti\u00f3n de residuos comerciales no peligrosos por su productor u otro poseedor, la entidad local asumir\u00e1 subsidiariamente la gesti\u00f3n y podr\u00e1 repercutir al obligado a realizarla el coste real de la misma.\u201d ( art. 20)<\/p><p class=\"p2\">\u201cEn el caso de los residuos comerciales no gestionados por la entidad local, o de los residuos industriales, ser\u00e1 tambi\u00e9n obligatoria la separaci\u00f3n en origen\u201d ( art. 25)<\/p><p class=\"p1\">En la financiaci\u00f3n de las acciones necesarias para la reducci\u00f3n de residuos se establecen penalizaciones y bonificaciones para los productores de producto contaminante relacionados por una parte con el uso de productos f\u00e1ciles de reciclar o proveniente de otros materiales reciclados , y por otra con la facilitaci\u00f3n de los procedimientos necesarios para el reciclaje y revalorizaci\u00f3n de los residuos.<\/p><p class=\"p1\">Se<span class=\"Apple-converted-space\">\u00a0 <\/span>usan instrumentos econ\u00f3micos y otras medidas incentivadoras, como por ejemplo ( anexo V) :<\/p><ul class=\"ul1\"><li class=\"li2\">Tasas y restricciones aplicables a las operaciones de dep\u00f3sito en vertederos e incineraci\u00f3n de residuos que incentiven la prevenci\u00f3n y el reciclado de residuos, manteniendo el dep\u00f3sito en vertederos como la opci\u00f3n de gesti\u00f3n de residuos menos deseable.<\/li><li class=\"li2\">Sistemas de pago por generaci\u00f3n de residuos (\u00abpay-as-you-throw\u00bb) que impongan tasas a los productores de residuos seg\u00fan la cantidad real de residuos generados y proporcionen incentivos para la separaci\u00f3n en origen de los residuos reciclables y para la reducci\u00f3n de los residuos mezclados<\/li><li class=\"li2\"><span class=\"s1\">Contrataci\u00f3n p\u00fablica sostenible<\/span> para incentivar una mejor gesti\u00f3n de los residuos y el uso de productos y materiales, reutilizados, preparados para la reutilizaci\u00f3n y reciclados, as\u00ed como la reparaci\u00f3n de los productos<\/li><li class=\"li2\"><span class=\"s1\">Supresi\u00f3n progresiva de las subvenciones<\/span> que no son compatibles con la jerarqu\u00eda de residuos (<\/li><li class=\"li2\">Uso de medidas fiscales o de otros medios para promover la utilizaci\u00f3n de productos y materiales preparados para su reutilizaci\u00f3n o reciclado.<\/li><\/ul><p class=\"p2\">Es decir, una buena gesti\u00f3n medioambiental en la empresa generar\u00e1 menos costes y mayores oportunidades de negocio y financiaci\u00f3n.<\/p><p class=\"p2\">La administraci\u00f3n, en el desarrollo de la ley 7\/2022 tambi\u00e9n aporta una orientaci\u00f3n sobre posibles medidas que pueden contribuir<span class=\"Apple-converted-space\">\u00a0 <\/span>a una mejor prevenci\u00f3n de<span class=\"Apple-converted-space\">\u00a0 <\/span>residuos en la empresa<span class=\"Apple-converted-space\">\u00a0 <\/span>( anexo VI) :<\/p><ul class=\"ul1\"><li class=\"li2\">La inclusi\u00f3n de medidas para evitar la producci\u00f3n de residuos en las instalaciones. estas medidas podr\u00edan incluir evaluaciones o planes de prevenci\u00f3n de residuos<\/li><li class=\"li2\">La promoci\u00f3n de sistemas de gesti\u00f3n medioambiental acreditables, incluida la <span class=\"s1\"> ISO 14001: Sistemas de gesti\u00f3n ambiental. <\/span><\/li><li class=\"li2\">Incorporaci\u00f3n de criterios medioambientales y de prevenci\u00f3n de la generaci\u00f3n de residuos en las compras del sector p\u00fablico y de las empresas. En relaci\u00f3n con las compras del sector p\u00fablico, los mencionados criterios podr\u00e1n integrarse en los pliegos o documentaci\u00f3n contractual de car\u00e1cter complementario, como criterios de selecci\u00f3n o, en su caso, de adjudicaci\u00f3n, de acuerdo con el Manual sobre la contrataci\u00f3n p\u00fablica con criterios medioambientales publicado por la Comisi\u00f3n el 29 de octubre de 2004, con el Plan de Contrataci\u00f3n P\u00fablica Ecol\u00f3gica 2018-2025, y de conformidad con la Ley 9\/2017, de 8 de noviembre, de Contratos del Sector P\u00fablico.<\/li><\/ul>\t\t\t\t\t<\/div>\n\t\t\t\t\t\t<\/div>\n\t\t\t\t<\/div>\n\t\t\t\t\t\t<\/div>\n\t\t\t\t\t<\/div>\n\t\t<\/div>\n\t\t\t\t\t\t\t\t<\/div>\n\t\t\t\t\t<\/div>\n\t\t<\/section>\n\t\t\t\t<section class=\"elementor-section elementor-top-section elementor-element elementor-element-58fd209 elementor-section-boxed elementor-section-height-default elementor-section-height-default\" data-id=\"58fd209\" data-element_type=\"section\" data-settings=\"{&quot;background_background&quot;:&quot;gradient&quot;}\">\n\t\t\t\t\t\t\t<div class=\"elementor-background-overlay\"><\/div>\n\t\t\t\t\t\t\t<div class=\"elementor-container elementor-column-gap-default\">\n\t\t\t\t\t\t\t<div class=\"elementor-row\">\n\t\t\t\t\t<div class=\"elementor-column elementor-col-100 elementor-top-column elementor-element elementor-element-6647500\" data-id=\"6647500\" data-element_type=\"column\">\n\t\t\t<div class=\"elementor-column-wrap elementor-element-populated\">\n\t\t\t\t\t\t\t<div class=\"elementor-widget-wrap\">\n\t\t\t\t\t\t<div class=\"elementor-element elementor-element-8527297 elementor-widget elementor-widget-heading\" data-id=\"8527297\" data-element_type=\"widget\" data-widget_type=\"heading.default\">\n\t\t\t\t<div class=\"elementor-widget-container\">\n\t\t\t<h2 class=\"elementor-heading-title elementor-size-default\">Propuesta de servicios<\/h2>\t\t<\/div>\n\t\t\t\t<\/div>\n\t\t\t\t\t\t<\/div>\n\t\t\t\t\t<\/div>\n\t\t<\/div>\n\t\t\t\t\t\t\t\t<\/div>\n\t\t\t\t\t<\/div>\n\t\t<\/section>\n\t\t\t\t<section class=\"elementor-section elementor-top-section elementor-element elementor-element-c06127a elementor-section-boxed elementor-section-height-default elementor-section-height-default\" data-id=\"c06127a\" data-element_type=\"section\" data-settings=\"{&quot;shape_divider_top&quot;:&quot;waves&quot;}\">\n\t\t\t\t\t<div class=\"elementor-shape elementor-shape-top\" data-negative=\"false\">\n\t\t\t<svg xmlns=\"http:\/\/www.w3.org\/2000\/svg\" viewBox=\"0 0 1000 100\" preserveAspectRatio=\"none\">\n\t<path class=\"elementor-shape-fill\" d=\"M421.9,6.5c22.6-2.5,51.5,0.4,75.5,5.3c23.6,4.9,70.9,23.5,100.5,35.7c75.8,32.2,133.7,44.5,192.6,49.7\n\tc23.6,2.1,48.7,3.5,103.4-2.5c54.7-6,106.2-25.6,106.2-25.6V0H0v30.3c0,0,72,32.6,158.4,30.5c39.2-0.7,92.8-6.7,134-22.4\n\tc21.2-8.1,52.2-18.2,79.7-24.2C399.3,7.9,411.6,7.5,421.9,6.5z\"\/>\n<\/svg>\t\t<\/div>\n\t\t\t\t\t<div class=\"elementor-container elementor-column-gap-default\">\n\t\t\t\t\t\t\t<div class=\"elementor-row\">\n\t\t\t\t\t<div class=\"elementor-column elementor-col-100 elementor-top-column elementor-element elementor-element-f312f5c\" data-id=\"f312f5c\" data-element_type=\"column\">\n\t\t\t<div class=\"elementor-column-wrap elementor-element-populated\">\n\t\t\t\t\t\t\t<div class=\"elementor-widget-wrap\">\n\t\t\t\t\t\t<div class=\"elementor-element elementor-element-8fcde0f elementor-widget elementor-widget-spacer\" data-id=\"8fcde0f\" data-element_type=\"widget\" data-widget_type=\"spacer.default\">\n\t\t\t\t<div class=\"elementor-widget-container\">\n\t\t\t\t\t<div class=\"elementor-spacer\">\n\t\t\t<div class=\"elementor-spacer-inner\"><\/div>\n\t\t<\/div>\n\t\t\t\t<\/div>\n\t\t\t\t<\/div>\n\t\t\t\t\t\t<\/div>\n\t\t\t\t\t<\/div>\n\t\t<\/div>\n\t\t\t\t\t\t\t\t<\/div>\n\t\t\t\t\t<\/div>\n\t\t<\/section>\n\t\t\t\t<section class=\"elementor-section elementor-top-section elementor-element elementor-element-e25acbd elementor-section-boxed elementor-section-height-default elementor-section-height-default\" data-id=\"e25acbd\" data-element_type=\"section\" data-settings=\"{&quot;shape_divider_bottom&quot;:&quot;waves&quot;}\">\n\t\t\t\t\t<div class=\"elementor-shape elementor-shape-bottom\" data-negative=\"false\">\n\t\t\t<svg xmlns=\"http:\/\/www.w3.org\/2000\/svg\" viewBox=\"0 0 1000 100\" preserveAspectRatio=\"none\">\n\t<path class=\"elementor-shape-fill\" d=\"M421.9,6.5c22.6-2.5,51.5,0.4,75.5,5.3c23.6,4.9,70.9,23.5,100.5,35.7c75.8,32.2,133.7,44.5,192.6,49.7\n\tc23.6,2.1,48.7,3.5,103.4-2.5c54.7-6,106.2-25.6,106.2-25.6V0H0v30.3c0,0,72,32.6,158.4,30.5c39.2-0.7,92.8-6.7,134-22.4\n\tc21.2-8.1,52.2-18.2,79.7-24.2C399.3,7.9,411.6,7.5,421.9,6.5z\"\/>\n<\/svg>\t\t<\/div>\n\t\t\t\t\t<div class=\"elementor-container elementor-column-gap-default\">\n\t\t\t\t\t\t\t<div class=\"elementor-row\">\n\t\t\t\t\t<div class=\"elementor-column elementor-col-100 elementor-top-column elementor-element elementor-element-6d640aa\" data-id=\"6d640aa\" data-element_type=\"column\">\n\t\t\t<div class=\"elementor-column-wrap elementor-element-populated\">\n\t\t\t\t\t\t\t<div class=\"elementor-widget-wrap\">\n\t\t\t\t\t\t<div class=\"elementor-element elementor-element-c7fd3a9 elementor-widget elementor-widget-text-editor\" data-id=\"c7fd3a9\" data-element_type=\"widget\" data-widget_type=\"text-editor.default\">\n\t\t\t\t<div class=\"elementor-widget-container\">\n\t\t\t\t\t\t\t\t<div class=\"elementor-text-editor elementor-clearfix\">\n\t\t\t\t<p class=\"p1\"><b>Para hacer frente a las obligaciones explicitadas en el RD1055\/2022 y adecuar a la empresa de alimentaci\u00f3n a los requisitos actuales y futuros esperados en el desarrollo de la Ley 7\/2022 realizamos una propuesta de servicios t\u00e9cnicos para la empresa de alimentaci\u00f3n : <\/b><\/p><p><strong>INSCRIPCION <span class=\"Apple-converted-space\">\u00a0 <\/span>\u201cENVASES\u201d EN EL REGISTRO DE PRODUCTORES DE PRODUCTO<\/strong><\/p><ul class=\"ul1\"><li class=\"li2\"><span class=\"s2\">Normativa: <\/span> Estudio de la normativa y definici\u00f3n de las obligaciones de la empresa en funci\u00f3n de su clasificaci\u00f3n y residuos generados.<\/li><li class=\"li2\"><span class=\"s2\">Registro<\/span>: Preparaci\u00f3n de la documentaci\u00f3n necesaria y procedimientos para el registro de la empresa cuando \u00e9ste sea necesario<\/li><\/ul><p><b><\/b><b>PLAN DE REDUCCI\u00d3N <\/b><\/p><ul class=\"ul1\"><li class=\"li2\"><span class=\"s2\">Planes empresariales de prevenci\u00f3n<\/span>: Redacci\u00f3n e integraci\u00f3n en un sistema de gesti\u00f3n del plan empresarial de prevenci\u00f3n definido en la normativa, cuando aplique.\u00a0<\/li><\/ul>\t\t\t\t\t<\/div>\n\t\t\t\t\t\t<\/div>\n\t\t\t\t<\/div>\n\t\t\t\t\t\t<\/div>\n\t\t\t\t\t<\/div>\n\t\t<\/div>\n\t\t\t\t\t\t\t\t<\/div>\n\t\t\t\t\t<\/div>\n\t\t<\/section>\n\t\t\t\t<section class=\"elementor-section elementor-top-section elementor-element elementor-element-2fq4uxg elementor-section-boxed elementor-section-height-default elementor-section-height-default\" data-id=\"2fq4uxg\" data-element_type=\"section\">\n\t\t\t\t\t\t<div class=\"elementor-container elementor-column-gap-default\">\n\t\t\t\t\t\t\t<div class=\"elementor-row\">\n\t\t\t\t\t<div class=\"elementor-column elementor-col-50 elementor-top-column elementor-element elementor-element-400a51f\" data-id=\"400a51f\" data-element_type=\"column\">\n\t\t\t<div class=\"elementor-column-wrap elementor-element-populated\">\n\t\t\t\t\t\t\t<div class=\"elementor-widget-wrap\">\n\t\t\t\t\t\t<div class=\"elementor-element elementor-element-8d1da40 elementor-widget elementor-widget-image\" data-id=\"8d1da40\" data-element_type=\"widget\" data-widget_type=\"image.default\">\n\t\t\t\t<div class=\"elementor-widget-container\">\n\t\t\t\t\t\t\t\t<div class=\"elementor-image\">\n\t\t\t\t\t\t\t\t\t\t\t\t<img decoding=\"async\" width=\"300\" height=\"300\" src=\"https:\/\/www.bretema.es\/wp-content\/uploads\/2023\/03\/residuo-cero-300300.png\" class=\"attachment-large size-large wp-image-10770\" alt=\"\" loading=\"lazy\" srcset=\"https:\/\/www.bretema.es\/wp-content\/uploads\/2023\/03\/residuo-cero-300300.png 300w, https:\/\/www.bretema.es\/wp-content\/uploads\/2023\/03\/residuo-cero-300300-150x150.png 150w\" sizes=\"(max-width: 300px) 100vw, 300px\" \/>\t\t\t\t\t\t\t\t\t\t\t\t\t\t<\/div>\n\t\t\t\t\t\t<\/div>\n\t\t\t\t<\/div>\n\t\t\t\t\t\t<\/div>\n\t\t\t\t\t<\/div>\n\t\t<\/div>\n\t\t\t\t<div class=\"elementor-column elementor-col-50 elementor-top-column elementor-element elementor-element-cc5adf3\" data-id=\"cc5adf3\" data-element_type=\"column\">\n\t\t\t<div class=\"elementor-column-wrap elementor-element-populated\">\n\t\t\t\t\t\t\t<div class=\"elementor-widget-wrap\">\n\t\t\t\t\t\t<div class=\"elementor-element elementor-element-77be2a5 elementor-widget elementor-widget-text-editor\" data-id=\"77be2a5\" data-element_type=\"widget\" data-widget_type=\"text-editor.default\">\n\t\t\t\t<div class=\"elementor-widget-container\">\n\t\t\t\t\t\t\t\t<div class=\"elementor-text-editor elementor-clearfix\">\n\t\t\t\t<p><b>CERTFICACI\u00d3N RESIDUO CERO <\/b><\/p><p class=\"p1\">Implantaci\u00f3n del esquema de certificaci\u00f3n<span class=\"Apple-converted-space\">\u00a0 <\/span>de residuo cero , integrables<span class=\"Apple-converted-space\">\u00a0 <\/span>en un sistema de gesti\u00f3n medioambiental, y verificables por entidad certificadora externa. Resulta aplicable a este esquema de certificaci\u00f3n toda la legislaci\u00f3n en materia de residuos, as\u00ed como las directrices de la UE relativas a la econom\u00eda circular.<\/p><p class=\"p1\">A este esquema de certificaci\u00f3n puede acceder cualquier tipo de organizaci\u00f3n que garantice la valoraci\u00f3n ( reutilizaci\u00f3n, reciclado o valorizaci\u00f3n energ\u00e9tica ) de los residuos que genera, evitando la gesti\u00f3n de los mismos mediante dep\u00f3sito en vertedero.<\/p><p class=\"p1\">El esquema exige documentar los residuos y<span class=\"Apple-converted-space\">\u00a0 <\/span>actividades generadoras ,<span class=\"Apple-converted-space\">\u00a0 <\/span>trazabilidad , revalorizaci\u00f3n , y plan de minimizaci\u00f3n. Todo ello articulado en un sistema de gesti\u00f3n.<\/p>\t\t\t\t\t<\/div>\n\t\t\t\t\t\t<\/div>\n\t\t\t\t<\/div>\n\t\t\t\t\t\t<\/div>\n\t\t\t\t\t<\/div>\n\t\t<\/div>\n\t\t\t\t\t\t\t\t<\/div>\n\t\t\t\t\t<\/div>\n\t\t<\/section>\n\t\t\t\t<section class=\"elementor-section elementor-top-section elementor-element elementor-element-0e434d8 elementor-section-boxed elementor-section-height-default elementor-section-height-default\" data-id=\"0e434d8\" data-element_type=\"section\">\n\t\t\t\t\t\t<div class=\"elementor-container elementor-column-gap-default\">\n\t\t\t\t\t\t\t<div class=\"elementor-row\">\n\t\t\t\t\t<div class=\"elementor-column elementor-col-50 elementor-top-column elementor-element elementor-element-1941e12\" data-id=\"1941e12\" data-element_type=\"column\">\n\t\t\t<div class=\"elementor-column-wrap elementor-element-populated\">\n\t\t\t\t\t\t\t<div class=\"elementor-widget-wrap\">\n\t\t\t\t\t\t<div class=\"elementor-element elementor-element-33221a4 elementor-widget elementor-widget-image\" data-id=\"33221a4\" data-element_type=\"widget\" data-widget_type=\"image.default\">\n\t\t\t\t<div class=\"elementor-widget-container\">\n\t\t\t\t\t\t\t\t<div class=\"elementor-image\">\n\t\t\t\t\t\t\t\t\t\t\t\t<img decoding=\"async\" width=\"400\" height=\"400\" src=\"https:\/\/www.bretema.es\/wp-content\/uploads\/2022\/10\/ISO-14_400px.png\" class=\"attachment-large size-large wp-image-8773\" alt=\"\" loading=\"lazy\" srcset=\"https:\/\/www.bretema.es\/wp-content\/uploads\/2022\/10\/ISO-14_400px.png 400w, https:\/\/www.bretema.es\/wp-content\/uploads\/2022\/10\/ISO-14_400px-300x300.png 300w, https:\/\/www.bretema.es\/wp-content\/uploads\/2022\/10\/ISO-14_400px-150x150.png 150w\" sizes=\"(max-width: 400px) 100vw, 400px\" \/>\t\t\t\t\t\t\t\t\t\t\t\t\t\t<\/div>\n\t\t\t\t\t\t<\/div>\n\t\t\t\t<\/div>\n\t\t\t\t\t\t<\/div>\n\t\t\t\t\t<\/div>\n\t\t<\/div>\n\t\t\t\t<div class=\"elementor-column elementor-col-50 elementor-top-column elementor-element elementor-element-50ee1af\" data-id=\"50ee1af\" data-element_type=\"column\">\n\t\t\t<div class=\"elementor-column-wrap elementor-element-populated\">\n\t\t\t\t\t\t\t<div class=\"elementor-widget-wrap\">\n\t\t\t\t\t\t<div class=\"elementor-element elementor-element-d6024dc elementor-widget elementor-widget-text-editor\" data-id=\"d6024dc\" data-element_type=\"widget\" data-widget_type=\"text-editor.default\">\n\t\t\t\t<div class=\"elementor-widget-container\">\n\t\t\t\t\t\t\t\t<div class=\"elementor-text-editor elementor-clearfix\">\n\t\t\t\t<p><b>CERTIFICACI\u00d3N ISO 14001 + RESIDUO CERO <\/b><\/p><p class=\"p1\">Implantaci\u00f3n de la norma hasta la certificaci\u00f3n final por una entidad de certificaci\u00f3n oficial, con especial \u00e9nfasis en la gesti\u00f3n de residuos y la evoluci\u00f3n hacia el residuo cero.\u00a0<\/p><p class=\"p1\">La certificaci\u00f3n de la norma ISO 14001 Sistema de Gesti\u00f3n Medioambiental junto con el m\u00f3dulo de gesti\u00f3n de residuos aporta mayores beneficios para la empresa de alimentaci\u00f3n.<\/p>\t\t\t\t\t<\/div>\n\t\t\t\t\t\t<\/div>\n\t\t\t\t<\/div>\n\t\t\t\t\t\t<\/div>\n\t\t\t\t\t<\/div>\n\t\t<\/div>\n\t\t\t\t\t\t\t\t<\/div>\n\t\t\t\t\t<\/div>\n\t\t<\/section>\n\t\t\t\t<section class=\"elementor-section elementor-top-section elementor-element elementor-element-t2o0i1b elementor-section-content-middle elementor-section-height-min-height elementor-section-boxed elementor-section-height-default elementor-section-items-middle\" data-id=\"t2o0i1b\" data-element_type=\"section\" data-settings=\"{&quot;background_background&quot;:&quot;classic&quot;}\">\n\t\t\t\t\t\t<div class=\"elementor-container elementor-column-gap-default\">\n\t\t\t\t\t\t\t<div class=\"elementor-row\">\n\t\t\t\t\t<div class=\"elementor-column elementor-col-100 elementor-top-column elementor-element elementor-element-8f2eeb9\" data-id=\"8f2eeb9\" data-element_type=\"column\">\n\t\t\t<div class=\"elementor-column-wrap elementor-element-populated\">\n\t\t\t\t\t\t\t<div class=\"elementor-widget-wrap\">\n\t\t\t\t\t\t<div class=\"elementor-element elementor-element-322bb4e elementor-widget elementor-widget-heading\" data-id=\"322bb4e\" data-element_type=\"widget\" data-widget_type=\"heading.default\">\n\t\t\t\t<div class=\"elementor-widget-container\">\n\t\t\t<h2 class=\"elementor-heading-title elementor-size-default\">HABLAMOS<\/h2>\t\t<\/div>\n\t\t\t\t<\/div>\n\t\t\t\t<div class=\"elementor-element elementor-element-63eaa9b elementor-widget elementor-widget-text-editor\" data-id=\"63eaa9b\" data-element_type=\"widget\" data-widget_type=\"text-editor.default\">\n\t\t\t\t<div class=\"elementor-widget-container\">\n\t\t\t\t\t\t\t\t<div class=\"elementor-text-editor elementor-clearfix\">\n\t\t\t\t<p>Nuestro equipo t\u00e9cnico est\u00e1 habilitado para implantar y certificar sistemas de gesti\u00f3n medioambiental.\u00a0<\/p>\t\t\t\t\t<\/div>\n\t\t\t\t\t\t<\/div>\n\t\t\t\t<\/div>\n\t\t\t\t\t\t<\/div>\n\t\t\t\t\t<\/div>\n\t\t<\/div>\n\t\t\t\t\t\t\t\t<\/div>\n\t\t\t\t\t<\/div>\n\t\t<\/section>\n\t\t\t\t<section class=\"elementor-section elementor-top-section elementor-element elementor-element-0dfe61b elementor-section-boxed elementor-section-height-default elementor-section-height-default\" data-id=\"0dfe61b\" data-element_type=\"section\">\n\t\t\t\t\t\t<div class=\"elementor-container elementor-column-gap-default\">\n\t\t\t\t\t\t\t<div class=\"elementor-row\">\n\t\t\t\t\t<div class=\"elementor-column elementor-col-100 elementor-top-column elementor-element elementor-element-4311542\" data-id=\"4311542\" data-element_type=\"column\">\n\t\t\t<div class=\"elementor-column-wrap elementor-element-populated\">\n\t\t\t\t\t\t\t<div class=\"elementor-widget-wrap\">\n\t\t\t\t\t\t<div class=\"elementor-element elementor-element-8733970 elementor-widget elementor-widget-spacer\" data-id=\"8733970\" data-element_type=\"widget\" data-widget_type=\"spacer.default\">\n\t\t\t\t<div class=\"elementor-widget-container\">\n\t\t\t\t\t<div class=\"elementor-spacer\">\n\t\t\t<div class=\"elementor-spacer-inner\"><\/div>\n\t\t<\/div>\n\t\t\t\t<\/div>\n\t\t\t\t<\/div>\n\t\t\t\t\t\t<\/div>\n\t\t\t\t\t<\/div>\n\t\t<\/div>\n\t\t\t\t\t\t\t\t<\/div>\n\t\t\t\t\t<\/div>\n\t\t<\/section>\n\t\t\t\t\t\t\t\t\t<\/div>\n\t\t\t<\/div>\n\t\t\t\t\t<\/div>\n\t\t","protected":false},"excerpt":{"rendered":"<p># Hacia el Residuo Cero Normativas de envases y residuos En Diciembre de 2022 se\u00a0 publica un Real decreto que amplia las responsabilidades en materia de puesta en el mercado de envases con implicaciones econ\u00f3micas y obligaciones de inscripci\u00f3n y documentales, que afecta a fabricantes de envases, y envasadores (\u00a0 fabricantes de producto envasado y &hellip;<\/p>\n<p class=\"read-more\"> <a class=\"\" href=\"https:\/\/www.bretema.es\/index.php\/residuocero\/\"> <span class=\"screen-reader-text\">residuocero<\/span> Leer m\u00e1s \u00bb<\/a><\/p>\n","protected":false},"author":1,"featured_media":0,"parent":0,"menu_order":0,"comment_status":"closed","ping_status":"closed","template":"","meta":{"_mi_skip_tracking":false,"site-sidebar-layout":"no-sidebar","site-content-layout":"page-builder","ast-main-header-display":"","ast-hfb-above-header-display":"","ast-hfb-below-header-display":"","ast-hfb-mobile-header-display":"","site-post-title":"disabled","ast-breadcrumbs-content":"","ast-featured-img":"disabled","footer-sml-layout":"","theme-transparent-header-meta":"default","adv-header-id-meta":"","stick-header-meta":"default","header-above-stick-meta":"","header-main-stick-meta":"","header-below-stick-meta":""},"_links":{"self":[{"href":"https:\/\/www.bretema.es\/index.php\/wp-json\/wp\/v2\/pages\/7698"}],"collection":[{"href":"https:\/\/www.bretema.es\/index.php\/wp-json\/wp\/v2\/pages"}],"about":[{"href":"https:\/\/www.bretema.es\/index.php\/wp-json\/wp\/v2\/types\/page"}],"author":[{"embeddable":true,"href":"https:\/\/www.bretema.es\/index.php\/wp-json\/wp\/v2\/users\/1"}],"replies":[{"embeddable":true,"href":"https:\/\/www.bretema.es\/index.php\/wp-json\/wp\/v2\/comments?post=7698"}],"version-history":[{"count":264,"href":"https:\/\/www.bretema.es\/index.php\/wp-json\/wp\/v2\/pages\/7698\/revisions"}],"predecessor-version":[{"id":11008,"href":"https:\/\/www.bretema.es\/index.php\/wp-json\/wp\/v2\/pages\/7698\/revisions\/11008"}],"wp:attachment":[{"href":"https:\/\/www.bretema.es\/index.php\/wp-json\/wp\/v2\/media?parent=7698"}],"curies":[{"name":"wp","href":"https:\/\/api.w.org\/{rel}","templated":true}]}}