{"id":5289,"date":"2021-12-12T20:13:34","date_gmt":"2021-12-12T18:13:34","guid":{"rendered":"http:\/\/www.bretema.es\/?page_id=5289"},"modified":"2026-04-28T10:48:04","modified_gmt":"2026-04-28T08:48:04","slug":"noticias","status":"publish","type":"page","link":"https:\/\/www.bretema.es\/index.php\/noticias\/","title":{"rendered":"blog"},"content":{"rendered":"\t\t<div data-elementor-type=\"wp-page\" data-elementor-id=\"5289\" class=\"elementor elementor-5289\">\n\t\t\t\t\t\t<div class=\"elementor-inner\">\n\t\t\t\t<div class=\"elementor-section-wrap\">\n\t\t\t\t\t\t\t\t\t<section class=\"elementor-section elementor-top-section elementor-element elementor-element-a9e7253 elementor-section-boxed elementor-section-height-default elementor-section-height-default\" data-id=\"a9e7253\" data-element_type=\"section\">\n\t\t\t\t\t\t<div class=\"elementor-container elementor-column-gap-default\">\n\t\t\t\t\t\t\t<div class=\"elementor-row\">\n\t\t\t\t\t<div class=\"elementor-column elementor-col-100 elementor-top-column elementor-element elementor-element-e41ff83\" data-id=\"e41ff83\" data-element_type=\"column\">\n\t\t\t<div class=\"elementor-column-wrap elementor-element-populated\">\n\t\t\t\t\t\t\t<div class=\"elementor-widget-wrap\">\n\t\t\t\t\t\t<div class=\"elementor-element elementor-element-9243bf4 elementor-widget elementor-widget-shortcode\" data-id=\"9243bf4\" data-element_type=\"widget\" data-widget_type=\"shortcode.default\">\n\t\t\t\t<div class=\"elementor-widget-container\">\n\t\t\t\t\t<div class=\"elementor-shortcode\">\t\t<div class=\"bdp-post-masonry-wrp bdp-clearfix\" id=\"bdp-post-masonry-wrp-1\">\r\n\t\t\t<div class=\"bdp-post-masonry bdp-clearfix bdp-effect-2 bdp-design-1 bdpgrid-3\" id=\"bdp-post-masonry-1\">\r\n\r\n\t\t\t\t<div class=\"bdp-post-grid bdp-medium-4 bdp-columns\">\r\n\t<div class=\"bdp-post-grid-content \">\r\n\t\t\t\t<div class=\"bdp-post-image-bg\">\r\n\t\t\t<a href=\"https:\/\/www.bretema.es\/index.php\/2026\/04\/28\/certificacion-iscc-en-logistica\/\">\r\n\t\t\t\t<img decoding=\"async\" src=\"https:\/\/www.bretema.es\/wp-content\/uploads\/2026\/04\/blog_iscc-1024x1024.jpg\" alt=\"Certificaci\u00f3n ISCC en Log\u00edstica\" \/>\r\n\t\t\t<\/a>\r\n\t\t<\/div>\r\n\t\t\r\n\t\t<h2 class=\"bdp-post-title\">\r\n\t\t\t<a href=\"https:\/\/www.bretema.es\/index.php\/2026\/04\/28\/certificacion-iscc-en-logistica\/\">Certificaci\u00f3n ISCC en Log\u00edstica<\/a>\r\n\t\t<\/h2>\r\n\t\t\r\n\t\t\t\t\t<div class=\"bdp-post-meta\">\r\n\t\t\t\t\t\t\t\t<span class=\"bdp-post-meta-innr bdp-time\"> abril 28, 2026 <\/span>\r\n\t\t\t\t\t\t\t<\/div>\r\n\t\t\t\t<div class=\"bdp-post-content\">\r\n\t\t\t<div class=\"bdp-post-short-content\">Implantaci\u00f3n de ISCC Implantaci\u00f3n de la certificaci\u00f3n ISCC en una empresa log\u00edstica Certificaci\u00f3n ISCC: Sostenibilidad y Transparencia en la Cadena...<\/div>\r\n\t\t\t\t\t\t\t<a href=\"https:\/\/www.bretema.es\/index.php\/2026\/04\/28\/certificacion-iscc-en-logistica\/\" class=\"bdp-readmorebtn\">Leer m\u00e1s<\/a>\r\n\t\t\t\t\t<\/div>\r\n\t\t\t<\/div>\r\n<\/div><div class=\"bdp-post-grid bdp-medium-4 bdp-columns\">\r\n\t<div class=\"bdp-post-grid-content \">\r\n\t\t\t\t<div class=\"bdp-post-image-bg\">\r\n\t\t\t<a href=\"https:\/\/www.bretema.es\/index.php\/2025\/07\/16\/impacto-de-la-implantacion-de-la-certificacion-alimentaria-en-la-empresa\/\">\r\n\t\t\t\t<img decoding=\"async\" src=\"https:\/\/www.bretema.es\/wp-content\/uploads\/2025\/07\/servicios_redondeado_impacto--1024x1024.jpg\" alt=\"Impacto de la implantaci\u00f3n de la certificaci\u00f3n alimentaria en la empresa\" \/>\r\n\t\t\t<\/a>\r\n\t\t<\/div>\r\n\t\t\r\n\t\t<h2 class=\"bdp-post-title\">\r\n\t\t\t<a href=\"https:\/\/www.bretema.es\/index.php\/2025\/07\/16\/impacto-de-la-implantacion-de-la-certificacion-alimentaria-en-la-empresa\/\">Impacto de la implantaci\u00f3n de la certificaci\u00f3n alimentaria en la empresa<\/a>\r\n\t\t<\/h2>\r\n\t\t\r\n\t\t\t\t\t<div class=\"bdp-post-meta\">\r\n\t\t\t\t\t\t\t\t<span class=\"bdp-post-meta-innr bdp-time\"> julio 16, 2025 <\/span>\r\n\t\t\t\t\t\t\t<\/div>\r\n\t\t\t\t<div class=\"bdp-post-content\">\r\n\t\t\t<div class=\"bdp-post-short-content\">Implantaci\u00f3n de una certificaci\u00f3n alimentaria GFSI en la empresa Implantaci\u00f3n de la certificaci\u00f3n alimentaria : nuevas responsabilidades, impacto y Cambios...<\/div>\r\n\t\t\t\t\t\t\t<a href=\"https:\/\/www.bretema.es\/index.php\/2025\/07\/16\/impacto-de-la-implantacion-de-la-certificacion-alimentaria-en-la-empresa\/\" class=\"bdp-readmorebtn\">Leer m\u00e1s<\/a>\r\n\t\t\t\t\t<\/div>\r\n\t\t\t<\/div>\r\n<\/div><div class=\"bdp-post-grid bdp-medium-4 bdp-columns\">\r\n\t<div class=\"bdp-post-grid-content \">\r\n\t\t\t\t<div class=\"bdp-post-image-bg\">\r\n\t\t\t<a href=\"https:\/\/www.bretema.es\/index.php\/2025\/07\/16\/ogm-en-alimentacion-y-su-etiquetado\/\">\r\n\t\t\t\t<img decoding=\"async\" src=\"https:\/\/www.bretema.es\/wp-content\/uploads\/2025\/07\/post_web-1024x1024.jpg\" alt=\"OGM en alimentaci\u00f3n y su etiquetado\" \/>\r\n\t\t\t<\/a>\r\n\t\t<\/div>\r\n\t\t\r\n\t\t<h2 class=\"bdp-post-title\">\r\n\t\t\t<a href=\"https:\/\/www.bretema.es\/index.php\/2025\/07\/16\/ogm-en-alimentacion-y-su-etiquetado\/\">OGM en alimentaci\u00f3n y su etiquetado<\/a>\r\n\t\t<\/h2>\r\n\t\t\r\n\t\t\t\t\t<div class=\"bdp-post-meta\">\r\n\t\t\t\t\t\t\t\t<span class=\"bdp-post-meta-innr bdp-time\"> julio 16, 2025 <\/span>\r\n\t\t\t\t\t\t\t<\/div>\r\n\t\t\t\t<div class=\"bdp-post-content\">\r\n\t\t\t<div class=\"bdp-post-short-content\">OGM Organismos Geneticamente Modificados Organismos Modificados Gen\u00e9ticamente en alimentaci\u00f3n y su etiquetado La normativa europea permite el uso de alimentos...<\/div>\r\n\t\t\t\t\t\t\t<a href=\"https:\/\/www.bretema.es\/index.php\/2025\/07\/16\/ogm-en-alimentacion-y-su-etiquetado\/\" class=\"bdp-readmorebtn\">Leer m\u00e1s<\/a>\r\n\t\t\t\t\t<\/div>\r\n\t\t\t<\/div>\r\n<\/div><div class=\"bdp-post-grid bdp-medium-4 bdp-columns\">\r\n\t<div class=\"bdp-post-grid-content \">\r\n\t\t\t\t<div class=\"bdp-post-image-bg\">\r\n\t\t\t<a href=\"https:\/\/www.bretema.es\/index.php\/2025\/04\/21\/materiales-en-contacto-con-los-alimentos-nuevas-instalaciones\/\">\r\n\t\t\t\t<img decoding=\"async\" src=\"https:\/\/www.bretema.es\/wp-content\/uploads\/2025\/04\/post_materiales-1024x1024.jpg\" alt=\"Materiales en contacto con los alimentos: Nuevas instalaciones\" \/>\r\n\t\t\t<\/a>\r\n\t\t<\/div>\r\n\t\t\r\n\t\t<h2 class=\"bdp-post-title\">\r\n\t\t\t<a href=\"https:\/\/www.bretema.es\/index.php\/2025\/04\/21\/materiales-en-contacto-con-los-alimentos-nuevas-instalaciones\/\">Materiales en contacto con los alimentos: Nuevas instalaciones<\/a>\r\n\t\t<\/h2>\r\n\t\t\r\n\t\t\t\t\t<div class=\"bdp-post-meta\">\r\n\t\t\t\t\t\t\t\t<span class=\"bdp-post-meta-innr bdp-time\"> abril 21, 2025 <\/span>\r\n\t\t\t\t\t\t\t<\/div>\r\n\t\t\t\t<div class=\"bdp-post-content\">\r\n\t\t\t<div class=\"bdp-post-short-content\">Instalaciones de producci\u00f3n alimentaria Materiales en contacto con los alimentos. En la fase de ingenier\u00eda de detalle de nuevas instalaciones...<\/div>\r\n\t\t\t\t\t\t\t<a href=\"https:\/\/www.bretema.es\/index.php\/2025\/04\/21\/materiales-en-contacto-con-los-alimentos-nuevas-instalaciones\/\" class=\"bdp-readmorebtn\">Leer m\u00e1s<\/a>\r\n\t\t\t\t\t<\/div>\r\n\t\t\t<\/div>\r\n<\/div><div class=\"bdp-post-grid bdp-medium-4 bdp-columns\">\r\n\t<div class=\"bdp-post-grid-content \">\r\n\t\t\t\t<div class=\"bdp-post-image-bg\">\r\n\t\t\t<a href=\"https:\/\/www.bretema.es\/index.php\/2025\/03\/06\/exportacion-desde-mexico-autorizacion-de-establecimientos\/\">\r\n\t\t\t\t<img decoding=\"async\" src=\"https:\/\/www.bretema.es\/wp-content\/uploads\/2025\/03\/img-post_cofepris-MX--1024x1024.jpg\" alt=\"Exportaci\u00f3n desde M\u00e9xico: Autorizaci\u00f3n de establecimientos\" \/>\r\n\t\t\t<\/a>\r\n\t\t<\/div>\r\n\t\t\r\n\t\t<h2 class=\"bdp-post-title\">\r\n\t\t\t<a href=\"https:\/\/www.bretema.es\/index.php\/2025\/03\/06\/exportacion-desde-mexico-autorizacion-de-establecimientos\/\">Exportaci\u00f3n desde M\u00e9xico: Autorizaci\u00f3n de establecimientos<\/a>\r\n\t\t<\/h2>\r\n\t\t\r\n\t\t\t\t\t<div class=\"bdp-post-meta\">\r\n\t\t\t\t\t\t\t\t<span class=\"bdp-post-meta-innr bdp-time\"> marzo 6, 2025 <\/span>\r\n\t\t\t\t\t\t\t<\/div>\r\n\t\t\t\t<div class=\"bdp-post-content\">\r\n\t\t\t<div class=\"bdp-post-short-content\">Exportaci\u00f3n desde M\u00e9xico Requisitos para la exportaci\u00f3n de productos de la pesca de M\u00e9xico a la UE . Para poder...<\/div>\r\n\t\t\t\t\t\t\t<a href=\"https:\/\/www.bretema.es\/index.php\/2025\/03\/06\/exportacion-desde-mexico-autorizacion-de-establecimientos\/\" class=\"bdp-readmorebtn\">Leer m\u00e1s<\/a>\r\n\t\t\t\t\t<\/div>\r\n\t\t\t<\/div>\r\n<\/div><div class=\"bdp-post-grid bdp-medium-4 bdp-columns\">\r\n\t<div class=\"bdp-post-grid-content \">\r\n\t\t\t\t<div class=\"bdp-post-image-bg\">\r\n\t\t\t<a href=\"https:\/\/www.bretema.es\/index.php\/2024\/11\/10\/detergentes-de-uso-directo-coadyuvantes-tecnologicos\/\">\r\n\t\t\t\t<img decoding=\"async\" src=\"https:\/\/www.bretema.es\/wp-content\/uploads\/2024\/11\/insta_redondeado_OK-1024x1024.jpg\" alt=\"Detergentes de uso directo: Coadyuvantes tecnol\u00f3gicos\" \/>\r\n\t\t\t<\/a>\r\n\t\t<\/div>\r\n\t\t\r\n\t\t<h2 class=\"bdp-post-title\">\r\n\t\t\t<a href=\"https:\/\/www.bretema.es\/index.php\/2024\/11\/10\/detergentes-de-uso-directo-coadyuvantes-tecnologicos\/\">Detergentes de uso directo: Coadyuvantes tecnol\u00f3gicos<\/a>\r\n\t\t<\/h2>\r\n\t\t\r\n\t\t\t\t\t<div class=\"bdp-post-meta\">\r\n\t\t\t\t\t\t\t\t<span class=\"bdp-post-meta-innr bdp-time\"> noviembre 10, 2024 <\/span>\r\n\t\t\t\t\t\t\t<\/div>\r\n\t\t\t\t<div class=\"bdp-post-content\">\r\n\t\t\t<div class=\"bdp-post-short-content\">Detergentes de uso directo: Coadyuvantes tecnol\u00f3gicos Limpieza directa en frutas y verduras \u00bf Que son los coadyuvantes tecnol\u00f3gicos ? Los...<\/div>\r\n\t\t\t\t\t\t\t<a href=\"https:\/\/www.bretema.es\/index.php\/2024\/11\/10\/detergentes-de-uso-directo-coadyuvantes-tecnologicos\/\" class=\"bdp-readmorebtn\">Leer m\u00e1s<\/a>\r\n\t\t\t\t\t<\/div>\r\n\t\t\t<\/div>\r\n<\/div><div class=\"bdp-post-grid bdp-medium-4 bdp-columns\">\r\n\t<div class=\"bdp-post-grid-content \">\r\n\t\t\t\t<div class=\"bdp-post-image-bg\">\r\n\t\t\t<a href=\"https:\/\/www.bretema.es\/index.php\/2024\/10\/27\/exportacion-de-jamones-a-mexico-duplicado-13270\/\">\r\n\t\t\t\t<img decoding=\"async\" src=\"https:\/\/www.bretema.es\/wp-content\/uploads\/2024\/10\/post_Webinar_destacada.png\" alt=\"Webinar Proecuador: Importaci\u00f3n de alimentos a la UE\" \/>\r\n\t\t\t<\/a>\r\n\t\t<\/div>\r\n\t\t\r\n\t\t<h2 class=\"bdp-post-title\">\r\n\t\t\t<a href=\"https:\/\/www.bretema.es\/index.php\/2024\/10\/27\/exportacion-de-jamones-a-mexico-duplicado-13270\/\">Webinar Proecuador: Importaci\u00f3n de alimentos a la UE<\/a>\r\n\t\t<\/h2>\r\n\t\t\r\n\t\t\t\t\t<div class=\"bdp-post-meta\">\r\n\t\t\t\t\t\t\t\t<span class=\"bdp-post-meta-innr bdp-time\"> octubre 27, 2024 <\/span>\r\n\t\t\t\t\t\t\t<\/div>\r\n\t\t\t\t<div class=\"bdp-post-content\">\r\n\t\t\t<div class=\"bdp-post-short-content\">Webinar t\u00e9cnico: Proecuador Requisitos para la importaci\u00f3n de alimentos En el mes de Septiembre tuvimos&nbsp; el placer de impartir una...<\/div>\r\n\t\t\t\t\t\t\t<a href=\"https:\/\/www.bretema.es\/index.php\/2024\/10\/27\/exportacion-de-jamones-a-mexico-duplicado-13270\/\" class=\"bdp-readmorebtn\">Leer m\u00e1s<\/a>\r\n\t\t\t\t\t<\/div>\r\n\t\t\t<\/div>\r\n<\/div><div class=\"bdp-post-grid bdp-medium-4 bdp-columns\">\r\n\t<div class=\"bdp-post-grid-content \">\r\n\t\t\t\t<div class=\"bdp-post-image-bg\">\r\n\t\t\t<a href=\"https:\/\/www.bretema.es\/index.php\/2024\/06\/26\/exportacion-de-jamones-a-mexico\/\">\r\n\t\t\t\t<img decoding=\"async\" src=\"https:\/\/www.bretema.es\/wp-content\/uploads\/2024\/06\/servicios_redondeado--1024x1024.jpg\" alt=\"Exportaci\u00f3n de Jamones a M\u00e9xico\" \/>\r\n\t\t\t<\/a>\r\n\t\t<\/div>\r\n\t\t\r\n\t\t<h2 class=\"bdp-post-title\">\r\n\t\t\t<a href=\"https:\/\/www.bretema.es\/index.php\/2024\/06\/26\/exportacion-de-jamones-a-mexico\/\">Exportaci\u00f3n de Jamones a M\u00e9xico<\/a>\r\n\t\t<\/h2>\r\n\t\t\r\n\t\t\t\t\t<div class=\"bdp-post-meta\">\r\n\t\t\t\t\t\t\t\t<span class=\"bdp-post-meta-innr bdp-time\"> junio 26, 2024 <\/span>\r\n\t\t\t\t\t\t\t<\/div>\r\n\t\t\t\t<div class=\"bdp-post-content\">\r\n\t\t\t<div class=\"bdp-post-short-content\">Exportaci\u00f3n a M\u00e9xico Requisitos para la exportaci\u00f3n de Jamones a M\u00e9xico. Para la exportaci\u00f3n de jamones curados a M\u00e9xico es...<\/div>\r\n\t\t\t\t\t\t\t<a href=\"https:\/\/www.bretema.es\/index.php\/2024\/06\/26\/exportacion-de-jamones-a-mexico\/\" class=\"bdp-readmorebtn\">Leer m\u00e1s<\/a>\r\n\t\t\t\t\t<\/div>\r\n\t\t\t<\/div>\r\n<\/div><div class=\"bdp-post-grid bdp-medium-4 bdp-columns\">\r\n\t<div class=\"bdp-post-grid-content \">\r\n\t\t\t\t<div class=\"bdp-post-image-bg\">\r\n\t\t\t<a href=\"https:\/\/www.bretema.es\/index.php\/2024\/04\/30\/exportacion-a-los-eeuu-requisitos-fda\/\">\r\n\t\t\t\t<img decoding=\"async\" src=\"https:\/\/www.bretema.es\/wp-content\/uploads\/2024\/04\/servicios_redondeado_FDA_LO-1024x1024.jpg\" alt=\"Exportaci\u00f3n a los EEUU. Requisitos FDA\" \/>\r\n\t\t\t<\/a>\r\n\t\t<\/div>\r\n\t\t\r\n\t\t<h2 class=\"bdp-post-title\">\r\n\t\t\t<a href=\"https:\/\/www.bretema.es\/index.php\/2024\/04\/30\/exportacion-a-los-eeuu-requisitos-fda\/\">Exportaci\u00f3n a los EEUU. Requisitos FDA<\/a>\r\n\t\t<\/h2>\r\n\t\t\r\n\t\t\t\t\t<div class=\"bdp-post-meta\">\r\n\t\t\t\t\t\t\t\t<span class=\"bdp-post-meta-innr bdp-time\"> abril 30, 2024 <\/span>\r\n\t\t\t\t\t\t\t<\/div>\r\n\t\t\t\t<div class=\"bdp-post-content\">\r\n\t\t\t<div class=\"bdp-post-short-content\">Exportaci\u00f3n a los EE.UU. Requisitos FDA Requisitos generales FDA para entrada de alimentos a los EE.UU Con car\u00e1cter general, la...<\/div>\r\n\t\t\t\t\t\t\t<a href=\"https:\/\/www.bretema.es\/index.php\/2024\/04\/30\/exportacion-a-los-eeuu-requisitos-fda\/\" class=\"bdp-readmorebtn\">Leer m\u00e1s<\/a>\r\n\t\t\t\t\t<\/div>\r\n\t\t\t<\/div>\r\n<\/div><div class=\"bdp-post-grid bdp-medium-4 bdp-columns\">\r\n\t<div class=\"bdp-post-grid-content \">\r\n\t\t\t\t<div class=\"bdp-post-image-bg\">\r\n\t\t\t<a href=\"https:\/\/www.bretema.es\/index.php\/2024\/04\/27\/importacion-a-la-ue-de-productos-compuestos\/\">\r\n\t\t\t\t<img decoding=\"async\" src=\"https:\/\/www.bretema.es\/wp-content\/uploads\/2024\/04\/servicios_redondeado-_PC_LO-1024x1024.jpg\" alt=\"Importaci\u00f3n a la UE de productos compuestos\" \/>\r\n\t\t\t<\/a>\r\n\t\t<\/div>\r\n\t\t\r\n\t\t<h2 class=\"bdp-post-title\">\r\n\t\t\t<a href=\"https:\/\/www.bretema.es\/index.php\/2024\/04\/27\/importacion-a-la-ue-de-productos-compuestos\/\">Importaci\u00f3n a la UE de productos compuestos<\/a>\r\n\t\t<\/h2>\r\n\t\t\r\n\t\t\t\t\t<div class=\"bdp-post-meta\">\r\n\t\t\t\t\t\t\t\t<span class=\"bdp-post-meta-innr bdp-time\"> abril 27, 2024 <\/span>\r\n\t\t\t\t\t\t\t<\/div>\r\n\t\t\t\t<div class=\"bdp-post-content\">\r\n\t\t\t<div class=\"bdp-post-short-content\">Importaci\u00f3n a la UE de productos compuestos Antes de importar productos compuestos con ingredientes de origen animal, a la UE,...<\/div>\r\n\t\t\t\t\t\t\t<a href=\"https:\/\/www.bretema.es\/index.php\/2024\/04\/27\/importacion-a-la-ue-de-productos-compuestos\/\" class=\"bdp-readmorebtn\">Leer m\u00e1s<\/a>\r\n\t\t\t\t\t<\/div>\r\n\t\t\t<\/div>\r\n<\/div>\t\t\t<\/div>\r\n\r\n\t\t\t\t\t\t<div class=\"bdp-ajax-btn-wrap bdp-clearfix\" data-conf=\"{&quot;posts_per_page&quot;:10,&quot;cat&quot;:&quot;&quot;,&quot;design&quot;:&quot;design-1&quot;,&quot;pagination&quot;:&quot;false&quot;,&quot;grid&quot;:&quot;3&quot;,&quot;showDate&quot;:&quot;true&quot;,&quot;showCategory&quot;:&quot;false&quot;,&quot;showContent&quot;:&quot;true&quot;,&quot;words_limit&quot;:20,&quot;showreadmore&quot;:&quot;true&quot;,&quot;order&quot;:&quot;DESC&quot;,&quot;orderby&quot;:&quot;date&quot;,&quot;showAuthor&quot;:&quot;false&quot;,&quot;media_size&quot;:&quot;large&quot;,&quot;show_tags&quot;:&quot;false&quot;,&quot;show_comments&quot;:&quot;false&quot;}\">\r\n\t\t\t\t<button class=\"bdp-load-more-btn more\" data-ajax=\"1\" data-paged=\"1\">\r\n\t\t\t\t\t<i class=\"bdp-ajax-loader\"><img decoding=\"async\" src=\"https:\/\/www.bretema.es\/wp-content\/plugins\/blog-designer-pack\/assets\/images\/ajax-loader.gif\" alt=\"Cargando\" \/><\/i>\r\n\t\t\t\t\tCargar m\u00e1s entradas\t\t\t\t<\/button>\r\n\t\t\t<\/div>\r\n\t\t\t\t\t<\/div>\r\n\t<\/div>\n\t\t\t\t<\/div>\n\t\t\t\t<\/div>\n\t\t\t\t\t\t<\/div>\n\t\t\t\t\t<\/div>\n\t\t<\/div>\n\t\t\t\t\t\t\t\t<\/div>\n\t\t\t\t\t<\/div>\n\t\t<\/section>\n\t\t\t\t\t\t\t\t\t<\/div>\n\t\t\t<\/div>\n\t\t\t\t\t<\/div>\n\t\t","protected":false},"excerpt":{"rendered":"","protected":false},"author":1,"featured_media":0,"parent":0,"menu_order":0,"comment_status":"closed","ping_status":"closed","template":"","meta":{"_mi_skip_tracking":false,"site-sidebar-layout":"no-sidebar","site-content-layout":"page-builder","ast-main-header-display":"","ast-hfb-above-header-display":"","ast-hfb-below-header-display":"","ast-hfb-mobile-header-display":"","site-post-title":"disabled","ast-breadcrumbs-content":"","ast-featured-img":"disabled","footer-sml-layout":"","theme-transparent-header-meta":"default","adv-header-id-meta":"","stick-header-meta":"default","header-above-stick-meta":"","header-main-stick-meta":"","header-below-stick-meta":""},"_links":{"self":[{"href":"https:\/\/www.bretema.es\/index.php\/wp-json\/wp\/v2\/pages\/5289"}],"collection":[{"href":"https:\/\/www.bretema.es\/index.php\/wp-json\/wp\/v2\/pages"}],"about":[{"href":"https:\/\/www.bretema.es\/index.php\/wp-json\/wp\/v2\/types\/page"}],"author":[{"embeddable":true,"href":"https:\/\/www.bretema.es\/index.php\/wp-json\/wp\/v2\/users\/1"}],"replies":[{"embeddable":true,"href":"https:\/\/www.bretema.es\/index.php\/wp-json\/wp\/v2\/comments?post=5289"}],"version-history":[{"count":55,"href":"https:\/\/www.bretema.es\/index.php\/wp-json\/wp\/v2\/pages\/5289\/revisions"}],"predecessor-version":[{"id":13851,"href":"https:\/\/www.bretema.es\/index.php\/wp-json\/wp\/v2\/pages\/5289\/revisions\/13851"}],"wp:attachment":[{"href":"https:\/\/www.bretema.es\/index.php\/wp-json\/wp\/v2\/media?parent=5289"}],"curies":[{"name":"wp","href":"https:\/\/api.w.org\/{rel}","templated":true}]}}